{"id":37132,"date":"2023-05-15T17:48:18","date_gmt":"2023-05-15T17:48:18","guid":{"rendered":"https:\/\/vjosa-park-kombetar-tani.ecoalbania.org\/?page_id=37132"},"modified":"2023-05-15T21:04:03","modified_gmt":"2023-05-15T21:04:03","slug":"arritjet","status":"publish","type":"page","link":"https:\/\/vjosa-park-kombetar-tani.ecoalbania.org\/?page_id=37132&lang=en","title":{"rendered":"Achievements"},"content":{"rendered":"\t\t<div data-elementor-type=\"wp-page\" data-elementor-id=\"37132\" class=\"elementor elementor-37132 elementor-34526\">\n\t\t\t\t\t\t\t\t\t<section data-particle_enable=\"false\" data-particle-mobile-disabled=\"false\" class=\"elementor-section elementor-top-section elementor-element elementor-element-bea5600 elementor-section-stretched elementor-section-boxed elementor-section-height-default elementor-section-height-default\" data-id=\"bea5600\" data-element_type=\"section\" data-settings=\"{&quot;stretch_section&quot;:&quot;section-stretched&quot;,&quot;background_background&quot;:&quot;classic&quot;}\">\n\t\t\t\t\t\t<div class=\"elementor-container elementor-column-gap-default\">\n\t\t\t\t\t<div class=\"elementor-column elementor-col-100 elementor-top-column elementor-element elementor-element-24c0ee83\" data-id=\"24c0ee83\" data-element_type=\"column\">\n\t\t\t<div class=\"elementor-widget-wrap elementor-element-populated\">\n\t\t\t\t\t\t\t\t<div class=\"elementor-element elementor-element-3af0858e elementor-widget elementor-widget-heading\" data-id=\"3af0858e\" data-element_type=\"widget\" data-widget_type=\"heading.default\">\n\t\t\t\t<div class=\"elementor-widget-container\">\n\t\t\t<style>\/*! elementor - v3.11.1 - 15-02-2023 *\/\n.elementor-heading-title{padding:0;margin:0;line-height:1}.elementor-widget-heading .elementor-heading-title[class*=elementor-size-]>a{color:inherit;font-size:inherit;line-height:inherit}.elementor-widget-heading .elementor-heading-title.elementor-size-small{font-size:15px}.elementor-widget-heading .elementor-heading-title.elementor-size-medium{font-size:19px}.elementor-widget-heading .elementor-heading-title.elementor-size-large{font-size:29px}.elementor-widget-heading .elementor-heading-title.elementor-size-xl{font-size:39px}.elementor-widget-heading .elementor-heading-title.elementor-size-xxl{font-size:59px}<\/style><h2 class=\"elementor-heading-title elementor-size-default\">What has been accomplished so far?<\/h2>\t\t<\/div>\n\t\t\t\t<\/div>\n\t\t\t\t<div class=\"elementor-element elementor-element-524d511f elementor-widget elementor-widget-eael-content-timeline\" data-id=\"524d511f\" data-element_type=\"widget\" data-widget_type=\"eael-content-timeline.default\">\n\t\t\t\t<div class=\"elementor-widget-container\">\n\t\t\t\t\t<div id=\"eael-content-timeline-524d511f\" class=\"content-timeline-layout-center date-position-\">\n\t\t\t<div class=\"eael-content-timeline-container\">\n\t\t\t\t<div class=\"eael-content-timeline-container\">\n\t\t\t\t\t\t\t\t\t\t\t\t\t<div class=\"eael-content-timeline-block\">\n    <div class=\"eael-content-timeline-line\">\n        <div class=\"eael-content-timeline-inner\"><\/div>\n    <\/div>\n    <div class=\"eael-content-timeline-img eael-picture \"><i class=\"fas fa-angle-right\"><\/i><\/div><div class=\"eael-content-timeline-content\"><h2 class=\"eael-timeline-title\"><a href=\"\">January 2014<\/a><\/h2><p>Vjosa River received its first\u00a0<a href=\"https:\/\/balkanrivers.net\/en\/news\/balkan-rivers-in-the-spiegel\">spotlight<\/a>\u00a0in the international media<\/p><span class=\"eael-date\"><\/span><\/div><\/div>\t\t\t\t\t\t\t\t<div class=\"eael-content-timeline-block\">\n    <div class=\"eael-content-timeline-line\">\n        <div class=\"eael-content-timeline-inner\"><\/div>\n    <\/div>\n    <div class=\"eael-content-timeline-img eael-picture \"><i class=\"fas fa-angle-left\"><\/i><\/div><div class=\"eael-content-timeline-content\"><h2 class=\"eael-timeline-title\"><a href=\"\">May 2014<\/a><\/h2><p>First occasion when mayors and locals from the river had the first press conference on the banks of the Vjosa and called Prime Minister Rama to reject the dam plans and to<a href=\"https:\/\/balkanrivers.net\/en\/news\/albania-national-park-for-vjosa-river-instead-of-dams\">\u00a0establish a Vjosa National Park<\/a>\u00a0instead<\/p><span class=\"eael-date\"><\/span><\/div><\/div>\t\t\t\t\t\t\t\t<div class=\"eael-content-timeline-block\">\n    <div class=\"eael-content-timeline-line\">\n        <div class=\"eael-content-timeline-inner\"><\/div>\n    <\/div>\n    <div class=\"eael-content-timeline-img eael-picture \"><i class=\"fas fa-angle-right\"><\/i><\/div><div class=\"eael-content-timeline-content\"><h2 class=\"eael-timeline-title\"><a href=\"\">June 2014<\/a><\/h2><p>First\u00a0<a href=\"https:\/\/balkanrivers.net\/en\/news\/biodiversity-days-europes-last-big-wild-river-to-be-explored\">biodiversity assessment\u00a0<\/a>of the Vjosa together with Albanian scientists and 70 students finding\u00a0<\/p><span class=\"eael-date\"><\/span><\/div><\/div>\t\t\t\t\t\t\t\t<div class=\"eael-content-timeline-block\">\n    <div class=\"eael-content-timeline-line\">\n        <div class=\"eael-content-timeline-inner\"><\/div>\n    <\/div>\n    <div class=\"eael-content-timeline-img eael-picture \"><i class=\"fas fa-angle-left\"><\/i><\/div><div class=\"eael-content-timeline-content\"><h2 class=\"eael-timeline-title\"><a href=\"\">May 2015<\/a><\/h2><p>EU Parliamentarians\u00a0<a href=\"https:\/\/balkanrivers.net\/en\/news\/european-parliament-criticizes-albanias-hydropower-policies\">demand protection<\/a>\u00a0for the Vjosa and the halt to all dam plans\u00a0<\/p><span class=\"eael-date\"><\/span><\/div><\/div>\t\t\t\t\t\t\t\t<div class=\"eael-content-timeline-block\">\n    <div class=\"eael-content-timeline-line\">\n        <div class=\"eael-content-timeline-inner\"><\/div>\n    <\/div>\n    <div class=\"eael-content-timeline-img eael-picture \"><i class=\"fas fa-angle-right\"><\/i><\/div><div class=\"eael-content-timeline-content\"><h2 class=\"eael-timeline-title\"><a href=\"\">April 2016<\/a><\/h2><p>European Parliament<a href=\"https:\/\/balkanrivers.net\/en\/news\/european-parliament-criticizes-albanian-government-for-hydropower-projects-at-the-vjosa-and-in-protected-areas\">\u00a0calls on the Albanian government<\/a>\u00a0to control hydropower development; specifically, in pristine areas such as the Vjosa\u00a0<\/p><span class=\"eael-date\"><\/span><\/div><\/div>\t\t\t\t\t\t\t\t<div class=\"eael-content-timeline-block\">\n    <div class=\"eael-content-timeline-line\">\n        <div class=\"eael-content-timeline-inner\"><\/div>\n    <\/div>\n    <div class=\"eael-content-timeline-img eael-picture \"><i class=\"fas fa-angle-left\"><\/i><\/div><div class=\"eael-content-timeline-content\"><h2 class=\"eael-timeline-title\"><a href=\"\">May 2016<\/a><\/h2><p><a href=\"https:\/\/balkanrivers.net\/en\/news\/international-protest-against-the-destruction-of-europes-last-wild-river\">International protest<\/a>\u00a0on the banks of the Vjosa to show local resistance to a large dam project. A\u00a0<a href=\"https:\/\/balkanrivers.net\/en\/news\/a-kayak-for-rama\">special petition in the form of a kayak<\/a>\u00a0was left at PM Rama\u2019s doorstep.<\/p><span class=\"eael-date\"><\/span><\/div><\/div>\t\t\t\t\t\t\t\t<div class=\"eael-content-timeline-block\">\n    <div class=\"eael-content-timeline-line\">\n        <div class=\"eael-content-timeline-inner\"><\/div>\n    <\/div>\n    <div class=\"eael-content-timeline-img eael-picture \"><i class=\"fas fa-angle-right\"><\/i><\/div><div class=\"eael-content-timeline-content\"><h2 class=\"eael-timeline-title\"><a href=\"\">December 2016<\/a><\/h2><p>Local residents together with national and international NGOs\u00a0<a href=\"https:\/\/balkanrivers.net\/en\/news\/albania-lawsuit-against-hydropower-project-on-the-vjosa-has-been-filed\">filed a lawsuit<\/a>\u00a0against Po\u00e7em hydropower, a new dam project on the Vjosa\u00a0<\/p><span class=\"eael-date\"><\/span><\/div><\/div>\t\t\t\t\t\t\t\t<div class=\"eael-content-timeline-block\">\n    <div class=\"eael-content-timeline-line\">\n        <div class=\"eael-content-timeline-inner\"><\/div>\n    <\/div>\n    <div class=\"eael-content-timeline-img eael-picture \"><i class=\"fas fa-angle-left\"><\/i><\/div><div class=\"eael-content-timeline-content\"><h2 class=\"eael-timeline-title\"><a href=\"\">May 2017<\/a><\/h2><p>Administrative court in Tirana<a href=\"https:\/\/balkanrivers.net\/en\/news\/albanian-court-stops-dam-project-on-the-vjosa\">\u00a0decided in favour<\/a>\u00a0of EcoAlbania and local representatives to stop a dam project.\u00a0 The Turkish investor Ayen Enerji and the Environment Ministry appealed the court decision. Still pending.\u00a0<\/p><span class=\"eael-date\"><\/span><\/div><\/div>\t\t\t\t\t\t\t\t<div class=\"eael-content-timeline-block\">\n    <div class=\"eael-content-timeline-line\">\n        <div class=\"eael-content-timeline-inner\"><\/div>\n    <\/div>\n    <div class=\"eael-content-timeline-img eael-picture \"><i class=\"fas fa-angle-right\"><\/i><\/div><div class=\"eael-content-timeline-content\"><h2 class=\"eael-timeline-title\"><a href=\"\">October 2017<\/a><\/h2><p>Albanian government decided to\u00a0<a href=\"https:\/\/balkanrivers.net\/en\/news\/concession-for-hpp-kalivac-newly-awarded\">move ahead with dam construction<\/a>\u00a0on the Vjosa and gave the Turkish-Albanian consortium Ayen Eneji and Fusha company the concession to build the Kaliva\u00e7 hydropower plant.\u00a0<\/p><span class=\"eael-date\"><\/span><\/div><\/div>\t\t\t\t\t\t\t\t<div class=\"eael-content-timeline-block\">\n    <div class=\"eael-content-timeline-line\">\n        <div class=\"eael-content-timeline-inner\"><\/div>\n    <\/div>\n    <div class=\"eael-content-timeline-img eael-picture \"><i class=\"fas fa-angle-left\"><\/i><\/div><div class=\"eael-content-timeline-content\"><h2 class=\"eael-timeline-title\"><a href=\"\">October 2017<\/a><\/h2><p>\u2018<a href=\"https:\/\/balkanrivers.net\/en\/news\/tirana-4000-people-at-concert-for-europes-last-wild-river\">Hands off Vjosa<\/a>\u2019 thousands attend concert in defense of Vjosa<\/p><span class=\"eael-date\"><\/span><\/div><\/div>\t\t\t\t\t\t\t\t<div class=\"eael-content-timeline-block\">\n    <div class=\"eael-content-timeline-line\">\n        <div class=\"eael-content-timeline-inner\"><\/div>\n    <\/div>\n    <div class=\"eael-content-timeline-img eael-picture \"><i class=\"fas fa-angle-right\"><\/i><\/div><div class=\"eael-content-timeline-content\"><h2 class=\"eael-timeline-title\"><a href=\"\">June 2018<\/a><\/h2><p>International scientists\u00a0<a href=\"https:\/\/balkanrivers.net\/en\/news\/scientists-for-vjosa\">explore<\/a>\u00a0300km of Vjosa and\u00a0<a href=\"https:\/\/balkanrivers.net\/en\/news\/comprehensive-study-on-ecosystem-vjosa-published\">published<\/a>\u00a0a study in December 2018<\/p><span class=\"eael-date\"><\/span><\/div><\/div>\t\t\t\t\t\t\t\t<div class=\"eael-content-timeline-block\">\n    <div class=\"eael-content-timeline-line\">\n        <div class=\"eael-content-timeline-inner\"><\/div>\n    <\/div>\n    <div class=\"eael-content-timeline-img eael-picture \"><i class=\"fas fa-angle-left\"><\/i><\/div><div class=\"eael-content-timeline-content\"><h2 class=\"eael-timeline-title\"><a href=\"\">October 2018<\/a><\/h2><p>Hundreds\u00a0<a href=\"https:\/\/balkanrivers.net\/en\/news\/music-for-living-rivers-and-against-dams-hundreds-at-concert-for-balkan-rivers\">attend concert<\/a>\u00a0to show their support for a free Vjosa<\/p><span class=\"eael-date\"><\/span><\/div><\/div>\t\t\t\t\t\t\t\t<div class=\"eael-content-timeline-block\">\n    <div class=\"eael-content-timeline-line\">\n        <div class=\"eael-content-timeline-inner\"><\/div>\n    <\/div>\n    <div class=\"eael-content-timeline-img eael-picture \"><i class=\"fas fa-angle-right\"><\/i><\/div><div class=\"eael-content-timeline-content\"><h2 class=\"eael-timeline-title\"><a href=\"\">June 2019<\/a><\/h2><p><a href=\"https:\/\/balkanrivers.net\/en\/news\/new-vjosa-study-hardly-any-energy-no-sand-for-the-beach\">New study find<\/a>s the Vjosa an unsuitable candidate for hydropower plants \u2013 new plants would create a lose-lose situation<\/p><span class=\"eael-date\"><\/span><\/div><\/div>\t\t\t\t\t\t\t\t<div class=\"eael-content-timeline-block\">\n    <div class=\"eael-content-timeline-line\">\n        <div class=\"eael-content-timeline-inner\"><\/div>\n    <\/div>\n    <div class=\"eael-content-timeline-img eael-picture \"><i class=\"fas fa-angle-left\"><\/i><\/div><div class=\"eael-content-timeline-content\"><h2 class=\"eael-timeline-title\"><a href=\"\">November 2019<\/a><\/h2><p>International pressure to protect the Vjosa increases as celebrities such as\u00a0<a href=\"https:\/\/balkanrivers.net\/en\/news\/leonardo-dicaprio-raises-his-voice-for-vjosa\">Leonardo DiCaprio<\/a>\u00a0get involved\u00a0<\/p><span class=\"eael-date\"><\/span><\/div><\/div>\t\t\t\t\t\t\t\t<div class=\"eael-content-timeline-block\">\n    <div class=\"eael-content-timeline-line\">\n        <div class=\"eael-content-timeline-inner\"><\/div>\n    <\/div>\n    <div class=\"eael-content-timeline-img eael-picture \"><i class=\"fas fa-angle-right\"><\/i><\/div><div class=\"eael-content-timeline-content\"><h2 class=\"eael-timeline-title\"><a href=\"\">February 2020<\/a><\/h2><p>One of the largest\u00a0<a href=\"https:\/\/balkanrivers.net\/en\/news\/albanian-and-international-science-community-stands-up-against-damming-the-vjosa-river\">science petitions<\/a>\u00a0in global freshwater ecology calls to stop Vjosa dam projects in Albania\u00a0<\/p><span class=\"eael-date\"><\/span><\/div><\/div>\t\t\t\t\t\t\t\t<div class=\"eael-content-timeline-block\">\n    <div class=\"eael-content-timeline-line\">\n        <div class=\"eael-content-timeline-inner\"><\/div>\n    <\/div>\n    <div class=\"eael-content-timeline-img eael-picture \"><i class=\"fas fa-angle-left\"><\/i><\/div><div class=\"eael-content-timeline-content\"><h2 class=\"eael-timeline-title\"><a href=\"\">September 2020<\/a><\/h2><p>Albanian Environmental Ministry\u00a0<a href=\"https:\/\/balkanrivers.net\/en\/news\/breaking-news-albanian-pm-rama-reacts-kalivac-will-not-be-built\">rejected the environmental impact assessment\u00a0<\/a>of the Turkish-Albanian investor consortium and the proposed Kaliva\u00e7 Dam will not be built\u00a0<\/p><span class=\"eael-date\"><\/span><\/div><\/div>\t\t\t\t\t\t\t\t<div class=\"eael-content-timeline-block\">\n    <div class=\"eael-content-timeline-line\">\n        <div class=\"eael-content-timeline-inner\"><\/div>\n    <\/div>\n    <div class=\"eael-content-timeline-img eael-picture \"><i class=\"fas fa-angle-right\"><\/i><\/div><div class=\"eael-content-timeline-content\"><h2 class=\"eael-timeline-title\"><a href=\"\">February 2021<\/a><\/h2><p>20 Albanian environmental organizations under the direction of EcoAlbania submitted a detailed proposal for the creation of the Vjosa National Park to the Minister of Tourism and Environment Blendi Klosi. According to the 16-page proposal, the national park should meet IUCN standards and encompass the entire Vjosa River in Albania as well as the free-flowing tributaries.<\/p><span class=\"eael-date\"><\/span><\/div><\/div>\t\t\t\t\t\t\t\t<div class=\"eael-content-timeline-block\">\n    <div class=\"eael-content-timeline-line\">\n        <div class=\"eael-content-timeline-inner\"><\/div>\n    <\/div>\n    <div class=\"eael-content-timeline-img eael-picture \"><i class=\"fas fa-angle-left\"><\/i><\/div><div class=\"eael-content-timeline-content\"><h2 class=\"eael-timeline-title\"><a href=\"\">March 2021<\/a><\/h2><p>Patagonia released a new 6-minute film explaining the situation in Albania and calling upon Albanians and Europeans to get involved and support the protection of the river.\u00a0<\/p><span class=\"eael-date\"><\/span><\/div><\/div>\t\t\t\t\t\t\t\t<div class=\"eael-content-timeline-block\">\n    <div class=\"eael-content-timeline-line\">\n        <div class=\"eael-content-timeline-inner\"><\/div>\n    <\/div>\n    <div class=\"eael-content-timeline-img eael-picture \"><i class=\"fas fa-angle-right\"><\/i><\/div><div class=\"eael-content-timeline-content\"><h2 class=\"eael-timeline-title\"><a href=\"\">March 2021<\/a><\/h2><p>IUCN presented their new study finding the \u201cprotection of the [Vjosa] must be ensured along the entire course of the river in order to achieve basic protection of the \u201ccontinuity\u201d of the river and sediment transport, as any potential disturbance along the riverbed may have upstream and downstream impacts.\u201d<\/p><span class=\"eael-date\"><\/span><\/div><\/div>\t\t\t\t\t\t\t\t<div class=\"eael-content-timeline-block\">\n    <div class=\"eael-content-timeline-line\">\n        <div class=\"eael-content-timeline-inner\"><\/div>\n    <\/div>\n    <div class=\"eael-content-timeline-img eael-picture \"><i class=\"fas fa-angle-left\"><\/i><\/div><div class=\"eael-content-timeline-content\"><h2 class=\"eael-timeline-title\"><a href=\"\">World Water Day 2021<\/a><\/h2><p>\u2018Vjosa National Park Now\u2019 cloaking the foreground of globally recognized monuments in Paris, Berlin, Brussels, and Tirana, targeting the attention of European and Albanian politicians, urging them to declare the Vjosa in Albania Europe\u2019s first Wild River National Park.<\/p><span class=\"eael-date\"><\/span><\/div><\/div>\t\t\t\t\t\t\t\t<div class=\"eael-content-timeline-block\">\n    <div class=\"eael-content-timeline-line\">\n        <div class=\"eael-content-timeline-inner\"><\/div>\n    <\/div>\n    <div class=\"eael-content-timeline-img eael-picture \"><i class=\"fas fa-angle-right\"><\/i><\/div><div class=\"eael-content-timeline-content\"><h2 class=\"eael-timeline-title\"><a href=\"\">March 2021<\/a><\/h2><p>European Parliament\u00a0<a href=\"https:\/\/balkanrivers.net\/en\/news\/eu-demands-vjosa-national-park-in-progress-report-on-albania\">adopted the 2021 Albanian Progress Report<\/a>\u00a0in which they urge Albanians \u201cto establish as soon as possible the Vjosa National Park, extending the whole length of the river\u2026\u201d<\/p><span class=\"eael-date\"><\/span><\/div><\/div>\t\t\t\t\t\t\t\t<div class=\"eael-content-timeline-block\">\n    <div class=\"eael-content-timeline-line\">\n        <div class=\"eael-content-timeline-inner\"><\/div>\n    <\/div>\n    <div class=\"eael-content-timeline-img eael-picture \"><i class=\"fas fa-angle-left\"><\/i><\/div><div class=\"eael-content-timeline-content\"><h2 class=\"eael-timeline-title\"><a href=\"\">April 2021<\/a><\/h2><p>Lider\u00ebt politik\u00eb n\u00eb Shqip\u00ebri t\u00eb konfrontuar n\u00eb media me \u00e7\u00ebshtjen e Vjos\u00ebs angazhohen publikisht p\u00ebr mbrojtjen e Vjos\u00ebs.\u00a0Prill 2021:\u00a0EcoAlbania\u00a0<a href=\"https:\/\/ecoalbania.org\/\/wp-content\/uploads\/2023\/05\/Leter-e-Hapur-Edi-Rama_AL.pdf\">i p\u00ebrgjigjet<\/a>\u00a0deklarat\u00ebs publike t\u00eb Kryeministrit Rama mbi mund\u00ebsin\u00eb reale te shpalljes s\u00eb Vjos\u00ebs si Park Komb\u00ebtar (Kategoria e II sipas standardeve t\u00eb IUCN).<\/p><span class=\"eael-date\"><\/span><\/div><\/div>\t\t\t\t\t\t\t\t<div class=\"eael-content-timeline-block\">\n    <div class=\"eael-content-timeline-line\">\n        <div class=\"eael-content-timeline-inner\"><\/div>\n    <\/div>\n    <div class=\"eael-content-timeline-img eael-picture \"><i class=\"fas fa-angle-right\"><\/i><\/div><div class=\"eael-content-timeline-content\"><h2 class=\"eael-timeline-title\"><a href=\"\">Dhjetor 2021<\/a><\/h2><p>The Standing Committee of the Bern Convention asked the Albanian authorities to clarify why the proposal of EcoAlbania and IUCN, based on extensive studies to declare the \u201cVjosa River\u201d as a National Park (Category II), was not considered.<\/p><span class=\"eael-date\"><\/span><\/div><\/div>\t\t\t\t\t\t\t\t<div class=\"eael-content-timeline-block\">\n    <div class=\"eael-content-timeline-line\">\n        <div class=\"eael-content-timeline-inner\"><\/div>\n    <\/div>\n    <div class=\"eael-content-timeline-img eael-picture \"><i class=\"fas fa-angle-left\"><\/i><\/div><div class=\"eael-content-timeline-content\"><h2 class=\"eael-timeline-title\"><a href=\"\">Janar 2022<\/a><\/h2><p><strong>\u00a0<\/strong>The Albanian government\u00a0<a href=\"https:\/\/qbz.gov.al\/eli\/fz\/2022\/19\/ebad258d-8c8d-43fa-97cc-0f21d6c0854f\">declared<\/a>\u00a0the Vjosa River a Nature Park (category IV of protected areas) instead of declaring it a National Park (category II of protected areas), as requested by activists for years.<\/p><span class=\"eael-date\"><\/span><\/div><\/div>\t\t\t\t\t\t\t\t<div class=\"eael-content-timeline-block\">\n    <div class=\"eael-content-timeline-line\">\n        <div class=\"eael-content-timeline-inner\"><\/div>\n    <\/div>\n    <div class=\"eael-content-timeline-img eael-picture \"><i class=\"fas fa-angle-right\"><\/i><\/div><div class=\"eael-content-timeline-content\"><h2 class=\"eael-timeline-title\"><a href=\"\">Qershor 2022<\/a><\/h2><p>Qeveria Shqiptare <a href=\"https:\/\/ecoalbania.org\/qeveria-shqiptare-nenshkruan-angazhimin-per-shpalljen-e-parkut-kombetar-te-lumit-te-eger-te-vjoses\/\">nd\u00ebrmerr nj\u00eb hap t\u00eb r\u00ebnd\u00ebsish\u00ebm drejt mbrojtjes s\u00eb lumit Vjosa<\/a> duke n\u00ebnshkruar Marr\u00ebveshjen e Bashk\u00ebpunimit p\u00ebr Parkun Komb\u00ebtar t\u00eb Lumit t\u00eb Eg\u00ebr Vjosa.<\/p><span class=\"eael-date\"><\/span><\/div><\/div>\t\t\t\t\t\t\t\t<div class=\"eael-content-timeline-block\">\n    <div class=\"eael-content-timeline-line\">\n        <div class=\"eael-content-timeline-inner\"><\/div>\n    <\/div>\n    <div class=\"eael-content-timeline-img eael-picture \"><i class=\"fas fa-angle-left\"><\/i><\/div><div class=\"eael-content-timeline-content\"><h2 class=\"eael-timeline-title\"><a href=\"\">Janar 2023<\/a><\/h2><p>Nis procedura Ligjore p\u00ebr shpalljen e lumi Vjosa che deg\u00ebt e tij park komb\u00ebtar. <a href=\"https:\/\/ecoalbania.org\/arritje-shume-e-rendesishme-ne-punen-per-parkun-kombetar-te-lumit-te-eger-vjosa-me-dorezimin-e-studimit-te-fizibilitetit-nga-ekipi-i-eksperteve\/\">Dor\u00ebzohet studimi i fizibilitetit<\/a> nga ekipi i ekspert\u00ebve komb\u00ebtar dhe nd\u00ebrkomb\u00ebtar.<\/p><span class=\"eael-date\"><\/span><\/div><\/div>\t\t\t\t\t\t\t\t<div class=\"eael-content-timeline-block\">\n    <div class=\"eael-content-timeline-line\">\n        <div class=\"eael-content-timeline-inner\"><\/div>\n    <\/div>\n    <div class=\"eael-content-timeline-img eael-picture \"><i class=\"fas fa-angle-right\"><\/i><\/div><div class=\"eael-content-timeline-content\"><h2 class=\"eael-timeline-title\"><a href=\"\">Mars 2023<\/a><\/h2><p>Moment historik: <a href=\"https:\/\/ecoalbania.org\/histori-suksesi-lumi-vjosa-shpallet-park-kombetar\/\">Lumi Vjosa shpallet Park Komb\u00ebtar<\/a>. N\u00eb nj\u00eb ceremoni zyrtare n\u00eb Tepelen\u00eb, qeveria shqiptare shpalli lumin Vjosa dhe deg\u00ebt e tij, B\u00ebn\u00e7a, Shushica dhe Drino, park komb\u00ebtar t\u00eb lumit t\u00eb eg\u00ebr.<\/p><span class=\"eael-date\"><\/span><\/div><\/div>\t\t\t\t<\/div>\n\t\t\t<\/div>\n\t\t<\/div>\n\t\t\t<\/div>\n\t\t\t\t<\/div>\n\t\t\t\t\t<\/div>\n\t\t<\/div>\n\t\t\t\t\t\t\t<\/div>\n\t\t<\/section>\n\t\t\t\t\t\t\t<\/div>\n\t\t","protected":false},"excerpt":{"rendered":"<p>What has been accomplished so far? January 2014 Vjosa River received its first\u00a0spotlight\u00a0in the international media May 2014 First occasion when mayors and locals from the river had the first press conference on the banks of the Vjosa and called Prime Minister Rama to reject the dam plans and to\u00a0establish a Vjosa National Park\u00a0instead June [&hellip;]<\/p>\n","protected":false},"author":1,"featured_media":0,"parent":0,"menu_order":0,"comment_status":"closed","ping_status":"closed","template":"elementor_header_footer","meta":{"inline_featured_image":false,"footnotes":""},"class_list":["post-37132","page","type-page","status-publish","hentry"],"_links":{"self":[{"href":"https:\/\/vjosa-park-kombetar-tani.ecoalbania.org\/index.php?rest_route=\/wp\/v2\/pages\/37132","targetHints":{"allow":["GET"]}}],"collection":[{"href":"https:\/\/vjosa-park-kombetar-tani.ecoalbania.org\/index.php?rest_route=\/wp\/v2\/pages"}],"about":[{"href":"https:\/\/vjosa-park-kombetar-tani.ecoalbania.org\/index.php?rest_route=\/wp\/v2\/types\/page"}],"author":[{"embeddable":true,"href":"https:\/\/vjosa-park-kombetar-tani.ecoalbania.org\/index.php?rest_route=\/wp\/v2\/users\/1"}],"replies":[{"embeddable":true,"href":"https:\/\/vjosa-park-kombetar-tani.ecoalbania.org\/index.php?rest_route=%2Fwp%2Fv2%2Fcomments&post=37132"}],"version-history":[{"count":4,"href":"https:\/\/vjosa-park-kombetar-tani.ecoalbania.org\/index.php?rest_route=\/wp\/v2\/pages\/37132\/revisions"}],"predecessor-version":[{"id":37204,"href":"https:\/\/vjosa-park-kombetar-tani.ecoalbania.org\/index.php?rest_route=\/wp\/v2\/pages\/37132\/revisions\/37204"}],"wp:attachment":[{"href":"https:\/\/vjosa-park-kombetar-tani.ecoalbania.org\/index.php?rest_route=%2Fwp%2Fv2%2Fmedia&parent=37132"}],"curies":[{"name":"wp","href":"https:\/\/api.w.org\/{rel}","templated":true}]}}